{"id":20535,"date":"2025-04-07T15:50:25","date_gmt":"2025-04-07T18:50:25","guid":{"rendered":"https:\/\/martinezblancoasoc.com\/?post_type=estate_property&#038;p=20535"},"modified":"2025-10-30T11:58:22","modified_gmt":"2025-10-30T14:58:22","slug":"apartamento-en-venta-en-barrio-jardin-4-dorm-2-banos-terraza-garaje-doble","status":"publish","type":"estate_property","link":"https:\/\/martinezblancoasoc.com\/?estate_property=apartamento-en-venta-en-barrio-jardin-4-dorm-2-banos-terraza-garaje-doble","title":{"rendered":"Apartamento En Venta En Barrio Jard\u00edn, 4 Dorm, 2 Ba\u00f1os, Terraza, Garaje Doble!"},"content":{"rendered":"\n<p>Exclusivo apartamento en Barrio Jard\u00edn<\/p>\n\n\n\n<p>\u2013 Confort, dise\u00f1o y tranquilidad en una ubicaci\u00f3n privilegiada-<\/p>\n\n\n\n<p>Ubicado en el coraz\u00f3n de Barrio Jard\u00edn, una de las zonas m\u00e1s tranquilas de la ciudad, este elegante apartamento combina la serenidad del entorno con una excelente conectividad. Rodeado de \u00e1reas verdes y arquitectura art dec\u00f3, a pasos de servicios, locomoci\u00f3n y la Facultad de Arquitectura.<\/p>\n\n\n\n<p>La unidad se encuentra en planta baja y cuenta con doble acceso: desde el hall principal del edificio y desde la terraza lavadero. Su espaciosa terraza al frente, con cerramiento, permite disfrutarla todo el a\u00f1o.<\/p>\n\n\n\n<ul>\n<li>El living-comedor, amplio y luminoso, destaca por su biblioteca empotrada y mobiliario a medida dise\u00f1ado por el arquitecto.<\/li>\n\n\n\n<li>4 dormitorios grandes y soleados, todos con generosos placares empotrados.<\/li>\n\n\n\n<li>La cocina, moderna y funcional, est\u00e1 equipada con horno empotrado, campana y acceso directo a la terraza lavadero.<\/li>\n\n\n\n<li>2 ba\u00f1os completos con mamparas de vidrio, hall de distribuci\u00f3n con placard adicional y losa radiante central a gas en toda la unidad.<\/li>\n\n\n\n<li>Garaje doble de uso exclusivo, con c\u00f3modo acceso.<\/li>\n\n\n\n<li>Calefacci\u00f3n central en todos los ambientes.<\/li>\n\n\n\n<li>Todos los ambientes dan hacia el exterior.<\/li>\n<\/ul>\n\n\n\n<p>Una propiedad \u00fanica que conjuga dise\u00f1o, funcionalidad y una calidad de vida excepcional.<\/p>\n\n\n\n<p>Te invitamos a conocerla!<\/p>\n\n\n\n<p>Somos Mart\u00ednez Blanco &amp; Asoc.<\/p>\n","protected":false},"excerpt":{"rendered":"<p>Exclusivo apartamento en Barrio Jard\u00edn \u2013 Confort, dise\u00f1o y tranquilidad en una ubicaci\u00f3n privilegiada- Ubicado en el coraz\u00f3n de Barrio Jard\u00edn, una de las zonas m\u00e1s tranquilas de la ciudad, este elegante apartamento combina la serenidad del entorno con una excelente conectividad. Rodeado de \u00e1reas verdes y arquitectura art dec\u00f3, a pasos de servicios, locomoci\u00f3n y la Facultad de Arquitectura. La unidad se encuentra &#8230;<\/p>\n","protected":false},"featured_media":20543,"comment_status":"closed","ping_status":"closed","template":"","property_category":[28],"property_action_category":[58],"property_city":[43],"property_area":[73],"property_county_state":[33],"property_features":[63,38,49,50,87],"property_status":[46],"_links":{"self":[{"href":"https:\/\/martinezblancoasoc.com\/index.php?rest_route=\/wp\/v2\/estate_property\/20535"}],"collection":[{"href":"https:\/\/martinezblancoasoc.com\/index.php?rest_route=\/wp\/v2\/estate_property"}],"about":[{"href":"https:\/\/martinezblancoasoc.com\/index.php?rest_route=\/wp\/v2\/types\/estate_property"}],"replies":[{"embeddable":true,"href":"https:\/\/martinezblancoasoc.com\/index.php?rest_route=%2Fwp%2Fv2%2Fcomments&post=20535"}],"wp:featuredmedia":[{"embeddable":true,"href":"https:\/\/martinezblancoasoc.com\/index.php?rest_route=\/wp\/v2\/media\/20543"}],"wp:attachment":[{"href":"https:\/\/martinezblancoasoc.com\/index.php?rest_route=%2Fwp%2Fv2%2Fmedia&parent=20535"}],"wp:term":[{"taxonomy":"property_category","embeddable":true,"href":"https:\/\/martinezblancoasoc.com\/index.php?rest_route=%2Fwp%2Fv2%2Fproperty_category&post=20535"},{"taxonomy":"property_action_category","embeddable":true,"href":"https:\/\/martinezblancoasoc.com\/index.php?rest_route=%2Fwp%2Fv2%2Fproperty_action_category&post=20535"},{"taxonomy":"property_city","embeddable":true,"href":"https:\/\/martinezblancoasoc.com\/index.php?rest_route=%2Fwp%2Fv2%2Fproperty_city&post=20535"},{"taxonomy":"property_area","embeddable":true,"href":"https:\/\/martinezblancoasoc.com\/index.php?rest_route=%2Fwp%2Fv2%2Fproperty_area&post=20535"},{"taxonomy":"property_county_state","embeddable":true,"href":"https:\/\/martinezblancoasoc.com\/index.php?rest_route=%2Fwp%2Fv2%2Fproperty_county_state&post=20535"},{"taxonomy":"property_features","embeddable":true,"href":"https:\/\/martinezblancoasoc.com\/index.php?rest_route=%2Fwp%2Fv2%2Fproperty_features&post=20535"},{"taxonomy":"property_status","embeddable":true,"href":"https:\/\/martinezblancoasoc.com\/index.php?rest_route=%2Fwp%2Fv2%2Fproperty_status&post=20535"}],"curies":[{"name":"wp","href":"https:\/\/api.w.org\/{rel}","templated":true}]}}